    {"id":1278,"date":"2014-01-01T17:46:32","date_gmt":"2014-01-01T17:46:32","guid":{"rendered":"http:\/\/lisariks.wordpress.com\/?page_id=1"},"modified":"2020-08-27T18:07:56","modified_gmt":"2020-08-27T18:07:56","slug":"about","status":"publish","type":"page","link":"https:\/\/svariks.se\/?page_id=1278","title":{"rendered":"V\u00e4lkommen!"},"content":{"rendered":"<p>Riksf\u00f6rbundet l\u00e4rare i svenska som andraspr\u00e5k (SVARIKS) bildades 1989 och har tre lokalf\u00f6reningar.<\/p>\n<p>F\u00f6rbundets medlemmar finns och beh\u00f6vs i f\u00f6rskola, grundskola, gymnasieskola, inom vuxenutbildning och p\u00e5 h\u00f6gskola\/universitet. F\u00f6rbundets tidning LiSetten \u00e4r ett spr\u00e5kr\u00f6r f\u00f6r forskning och pedagogik. Den ger en inblick i det dagliga arbetet med svenska som andraspr\u00e5k, modersm\u00e5let och flerspr\u00e5kiga elevers kunskapsutveckling.<\/p>\n<p>F\u00f6rbundet v\u00e4nder sig till dig som<\/p>\n<ul>\n<li>arbetar med spr\u00e5kutveckling&nbsp;hos barn, ungdomar och vuxna,<\/li>\n<li>\u00e4r&nbsp;l\u00e4rare i svenska som andraspr\u00e5k eller \u00e4r intresserad av \u00e4mnet svenska som andraspr\u00e5k och flerspr\u00e5kiga elevers l\u00e4rande,<\/li>\n<li>\u00e4r med och fattar beslut i skol- och undervisningsfr\u00e5gor,<\/li>\n<li>\u00e4r intresserad av studiesituationen f\u00f6r elever med utl\u00e4ndsk bakgrund, fr\u00e5n f\u00f6rskola till vuxenundervisning.<\/li>\n<\/ul>\n<p>F\u00f6rbundets uppgifter \u00e4r att<\/p>\n<ul>\n<li>\n<div>arbeta f\u00f6r \u00e4mnet svenska som andraspr\u00e5k, dess st\u00e4llning och utveckling i svenskt utbildningsv\u00e4sende.<\/div>\n<\/li>\n<li>\n<div>verka f\u00f6r att all undervisning av flerspr\u00e5kiga elever ska utvecklas.<\/div>\n<\/li>\n<li>\n<div>fr\u00e4mja \u00e4mnesteoretisk och \u00e4mnesmetodisk utveckling i svenska som andraspr\u00e5k.<\/div>\n<\/li>\n<li>\n<div>verka f\u00f6r en adekvat l\u00e4rarutbildning, kompletteringsutbildning, fortbildning i \u00e4mnet svenska som andraspr\u00e5k och spr\u00e5kutvecklande arbetss\u00e4tt.<\/div>\n<\/li>\n<li>\n<div>verka f\u00f6r att andraspr\u00e5kselevers tv\u00e5spr\u00e5kighet ska fr\u00e4mjas i undervisningen.<\/div>\n<\/li>\n<li>\n<div>vara ett forum f\u00f6r samtliga l\u00e4rare som undervisar flerspr\u00e5kiga elever inom hela utbildningsv\u00e4sendet.<\/div>\n<\/li>\n<\/ul>\n","protected":false},"excerpt":{"rendered":"<p>Riksf\u00f6rbundet l\u00e4rare i svenska som andraspr\u00e5k (SVARIKS) bildades 1989 och har tre lokalf\u00f6reningar. F\u00f6rbundets medlemmar finns och beh\u00f6vs i f\u00f6rskola, grundskola, gymnasieskola, inom vuxenutbildning och p\u00e5 h\u00f6gskola\/universitet. F\u00f6rbundets tidning LiSetten \u00e4r ett spr\u00e5kr\u00f6r f\u00f6r forskning och pedagogik. Den ger en inblick i det dagliga arbetet med svenska som andraspr\u00e5k, modersm\u00e5let och flerspr\u00e5kiga elevers kunskapsutveckling. F\u00f6rbundet [&hellip;]<\/p>\n","protected":false},"author":2,"featured_media":0,"parent":0,"menu_order":0,"comment_status":"closed","ping_status":"closed","template":"","meta":{"jetpack_post_was_ever_published":false,"footnotes":""},"class_list":["post-1278","page","type-page","status-publish","hentry"],"jetpack_sharing_enabled":true,"jetpack_shortlink":"https:\/\/wp.me\/Pap6AT-kC","jetpack-related-posts":[{"id":9,"url":"https:\/\/svariks.se\/?page_id=9","url_meta":{"origin":1278,"position":0},"title":"Tidningen Lisetten","author":"Annelie","date":"januari 1, 2014","format":false,"excerpt":"F\u00f6rbundets medlemstidning Lisetten \u00e4r ett spr\u00e5kr\u00f6r f\u00f6r forskning och pedagogik och ger en inblick i det dagliga arbetet med modersm\u00e5let, svenska som andraspr\u00e5k och flerspr\u00e5kiga elevers kunskapsutveckling. Tidningen utkommer med 4 nummer per \u00e5r. Sedan 2013 har varje nummer av Lisetten ett tema. Aktuellt tema, manusstopp och utgivningsdatum hittar du\u2026","rel":"","context":"Liknande inl\u00e4gg","block_context":{"text":"Liknande inl\u00e4gg","link":""},"img":{"alt_text":"","src":"https:\/\/i0.wp.com\/media.svariks.se\/2021\/05\/Lisetten1_21-korr11mars-page-001-scaled.jpg?resize=350%2C200&ssl=1","width":350,"height":200,"srcset":"https:\/\/i0.wp.com\/media.svariks.se\/2021\/05\/Lisetten1_21-korr11mars-page-001-scaled.jpg?resize=350%2C200&ssl=1 1x, https:\/\/i0.wp.com\/media.svariks.se\/2021\/05\/Lisetten1_21-korr11mars-page-001-scaled.jpg?resize=525%2C300&ssl=1 1.5x, https:\/\/i0.wp.com\/media.svariks.se\/2021\/05\/Lisetten1_21-korr11mars-page-001-scaled.jpg?resize=700%2C400&ssl=1 2x, https:\/\/i0.wp.com\/media.svariks.se\/2021\/05\/Lisetten1_21-korr11mars-page-001-scaled.jpg?resize=1050%2C600&ssl=1 3x, https:\/\/i0.wp.com\/media.svariks.se\/2021\/05\/Lisetten1_21-korr11mars-page-001-scaled.jpg?resize=1400%2C800&ssl=1 4x"},"classes":[]},{"id":68,"url":"https:\/\/svariks.se\/?page_id=68","url_meta":{"origin":1278,"position":1},"title":"Stadgar","author":"Annelie","date":"januari 1, 2014","format":false,"excerpt":"Stadgarna reviderade vid \u00e5rsm\u00f6tet 2018-04-14 och fastst\u00e4llda vid extra \u00e5rsm\u00f6te 2018-10-10. \u00a7 1 Organisationens namn Organisationens namn \u00e4r Riksf\u00f6rbundet l\u00e4rare i svenska som andraspr\u00e5k. \u00a7 2 Organisationens \u00e4ndam\u00e5l Riksf\u00f6rbundet l\u00e4rare i svenska som andraspr\u00e5k har som huvudsakligt syfte att verka f\u00f6r \u00e4mnet svenska som andraspr\u00e5k, dess st\u00e4llning och utveckling i\u2026","rel":"","context":"Liknande inl\u00e4gg","block_context":{"text":"Liknande inl\u00e4gg","link":""},"img":{"alt_text":"","src":"","width":0,"height":0},"classes":[]},{"id":11,"url":"https:\/\/svariks.se\/?page_id=11","url_meta":{"origin":1278,"position":2},"title":"Riksf\u00f6rbundet","author":"Annelie","date":"januari 1, 2014","format":false,"excerpt":"Riksf\u00f6rbundet l\u00e4rare i svenska som andraspr\u00e5ks (SVARIKS) uppgifter \u00e4r att arbeta f\u00f6r \u00e4mnet svenska som andraspr\u00e5k, dess st\u00e4llning och utveckling i svenskt utbildningsv\u00e4sende, att verka f\u00f6r en adekvat l\u00e4rarutbildning, kompletteringsutbildning och fortbildning i \u00e4mnet svenska som andraspr\u00e5k, att verka f\u00f6r att m\u00e5let tv\u00e5spr\u00e5kighet uppfylls och att vara ett forum f\u00f6r\u2026","rel":"","context":"Liknande inl\u00e4gg","block_context":{"text":"Liknande inl\u00e4gg","link":""},"img":{"alt_text":"","src":"","width":0,"height":0},"classes":[]},{"id":102,"url":"https:\/\/svariks.se\/?page_id=102","url_meta":{"origin":1278,"position":3},"title":"K\u00f6p l\u00f6snummer","author":"Svariks","date":"januari 19, 2014","format":false,"excerpt":"Lisettens temanummer \u00e4r\u00a0mycket uppskattade och kan med f\u00f6rdel anv\u00e4ndas som underlag f\u00f6r studiedagar i arbetslaget, p\u00e5 l\u00e4rarutbildningar och av beslutsfattare inom skola och utbildning. Best\u00e4ll fler nummer av tidningen genom att markera vilket nummer du vill l\u00e4sa. Tillg\u00e4ngliga nummer listas l\u00e4ngre ner p\u00e5 sidan. L\u00f6snummerpris Lisetten40 kr\/st Kostnad f\u00f6r porto\u2026","rel":"","context":"Liknande inl\u00e4gg","block_context":{"text":"Liknande inl\u00e4gg","link":""},"img":{"alt_text":"","src":"https:\/\/i0.wp.com\/media.svariks.se\/2019\/01\/000-213x300.jpg?resize=350%2C200","width":350,"height":200},"classes":[]},{"id":176,"url":"https:\/\/svariks.se\/?page_id=176","url_meta":{"origin":1278,"position":4},"title":"Teman och utgivningsplan f\u00f6r Lisetten 2025","author":"Annelie","date":"april 13, 2014","format":false,"excerpt":"Riktlinjer till skribenter Vill du skriva i Lisetten 2025?Vi som skriver texter i Lisetten \u00e4r l\u00e4rare i svenska som andraspr\u00e5k. H\u00e4r finns plats f\u00f6r ber\u00e4ttelser fr\u00e5n klassrummet, funderingar \u00f6ver det som \u00e4r sv\u00e5rt och \u00e5sikter om vad som borde f\u00f6r\u00e4ndras.\u00a0\u00a0\u00a0Har du n\u00e5got att dela med dig av? Bli inspirerad av\u2026","rel":"","context":"Liknande inl\u00e4gg","block_context":{"text":"Liknande inl\u00e4gg","link":""},"img":{"alt_text":"","src":"https:\/\/i0.wp.com\/media.svariks.se\/2025\/09\/image.png?resize=350%2C200&ssl=1","width":350,"height":200,"srcset":"https:\/\/i0.wp.com\/media.svariks.se\/2025\/09\/image.png?resize=350%2C200&ssl=1 1x, https:\/\/i0.wp.com\/media.svariks.se\/2025\/09\/image.png?resize=525%2C300&ssl=1 1.5x, https:\/\/i0.wp.com\/media.svariks.se\/2025\/09\/image.png?resize=700%2C400&ssl=1 2x, https:\/\/i0.wp.com\/media.svariks.se\/2025\/09\/image.png?resize=1050%2C600&ssl=1 3x"},"classes":[]},{"id":20,"url":"https:\/\/svariks.se\/?page_id=20","url_meta":{"origin":1278,"position":5},"title":"Annonser","author":"Annelie","date":"januari 1, 2014","format":false,"excerpt":"Vill du och ditt f\u00f6retag n\u00e5 l\u00e4rare i svenska som andraspr\u00e5k och andra som \u00e4r intresserade av skolutveckling, flerspr\u00e5kighet och andraspr\u00e5ksundervisning? D\u00e5 kan du annonsera i Lisetten. F\u00f6r bokning av annons eller ytterligare information, kontakta annonsbokningen.\u00a0","rel":"","context":"Liknande inl\u00e4gg","block_context":{"text":"Liknande inl\u00e4gg","link":""},"img":{"alt_text":"","src":"","width":0,"height":0},"classes":[]}],"jetpack_likes_enabled":true,"_links":{"self":[{"href":"https:\/\/svariks.se\/index.php?rest_route=\/wp\/v2\/pages\/1278","targetHints":{"allow":["GET"]}}],"collection":[{"href":"https:\/\/svariks.se\/index.php?rest_route=\/wp\/v2\/pages"}],"about":[{"href":"https:\/\/svariks.se\/index.php?rest_route=\/wp\/v2\/types\/page"}],"author":[{"embeddable":true,"href":"https:\/\/svariks.se\/index.php?rest_route=\/wp\/v2\/users\/2"}],"replies":[{"embeddable":true,"href":"https:\/\/svariks.se\/index.php?rest_route=%2Fwp%2Fv2%2Fcomments&post=1278"}],"version-history":[{"count":3,"href":"https:\/\/svariks.se\/index.php?rest_route=\/wp\/v2\/pages\/1278\/revisions"}],"predecessor-version":[{"id":5368,"href":"https:\/\/svariks.se\/index.php?rest_route=\/wp\/v2\/pages\/1278\/revisions\/5368"}],"wp:attachment":[{"href":"https:\/\/svariks.se\/index.php?rest_route=%2Fwp%2Fv2%2Fmedia&parent=1278"}],"curies":[{"name":"wp","href":"https:\/\/api.w.org\/{rel}","templated":true}]}}